{"id":5315,"date":"2018-12-01T11:35:55","date_gmt":"2018-12-01T16:35:55","guid":{"rendered":"http:\/\/udesigntheme.com\/demos-for-export\/business\/?page_id=5315"},"modified":"2020-03-23T16:04:59","modified_gmt":"2020-03-23T15:04:59","slug":"referenze-di-clienti","status":"publish","type":"page","link":"https:\/\/desplazamientos-francia.com\/it\/referenze-di-clienti\/","title":{"rendered":"Referenze di clienti"},"content":{"rendered":"[vc_row][vc_column][vc_column_text]\n<h3 style=\"color: #293037; line-height: 1.6; text-align: center;\"><span style=\"font-size: 30px;\">Cosa pensano coloro che hanno lavorato con noi<\/span><\/h3>\n[\/vc_column_text][\/vc_column][\/vc_row][vc_row full_width=&#8221;stretch_row&#8221; gap=&#8221;20&#8243; css=&#8221;.vc_custom_1518483997279{margin-bottom: -33px !important;padding-top: 30px !important;padding-bottom: 30px !important;background-color: #ecedee !important;}&#8221;][vc_column width=&#8221;1\/4&#8243;][vc_single_image image=&#8221;5697&#8243; img_size=&#8221;full&#8221;][\/vc_column][vc_column width=&#8221;3\/4&#8243;][vc_column_text]\n<h3 style=\"color: #293037; line-height: 1.6;\"><span style=\"font-size: 30px;\">Pilar Mart\u00edn<\/span><\/h3>\n<p>Dipartamento Finanziario, AMG Servicios de Marketing Promocional<br \/>\n<a href=\"http:\/\/amgservicios.com\">amgservicios.com<\/a><\/p>\n<div style=\"font-size: 17px; color: #293037; line-height: 1.7;\"><i class=\"fa fa-quote-left\" style=\"color: #293037; font-size: 1.1em;\"><!-- icon --><\/i> <em>In un primo momento ho contattato la societ\u00e0 per una questione insorta nella nostra azienda. Con immediatezza sono stato informato sulle possibili soluzioni, trovando poi una linea definitiva che si \u00e8 rilevata risolutiva per le scelte dell&#8217;impresa. La comunicazione \u00e8 rapida ed efficace. <\/em> <i class=\"fa fa-quote-right\" style=\"color: #293037; font-size: 1.1em;\"><!-- icon --><\/i><\/div>\n[\/vc_column_text][\/vc_column][\/vc_row][vc_row full_width=&#8221;stretch_row&#8221; gap=&#8221;20&#8243; css=&#8221;.vc_custom_1518483997279{margin-bottom: -33px !important;padding-top: 30px !important;padding-bottom: 30px !important;background-color: #ecedee !important;}&#8221;][vc_column width=&#8221;1\/4&#8243;][vc_single_image image=&#8221;5738&#8243; img_size=&#8221;full&#8221;][\/vc_column][vc_column width=&#8221;3\/4&#8243;][vc_column_text]\n<h3 style=\"color: #293037; line-height: 1.6;\"><span style=\"font-size: 30px;\">Nuria Torres<\/span><\/h3>\n<p>Direzione personale, Grupo Penny Wise<br \/>\n<a href=\"https:\/\/www.grupopennywise.com\/\">grupopennywise.com<\/a><\/p>\n<div style=\"font-size: 17px; color: #293037; line-height: 1.7;\"><i class=\"fa fa-quote-left\" style=\"color: #293037; font-size: 1.1em;\"><!-- icon --><\/i> <em>Gestione efficace dei documenti necessari per i lavoratori distaccati in Francia. Servizio rapido che ti d\u00e0 la tranquillit\u00e0 di avere tutto in ordine prima dell&#8217;inizio del viaggio. Sempre cordiali e pronti a collaborare, anche nelle questione sorte nell&#8217;ultimo minuto. <\/em> <i class=\"fa fa-quote-right\" style=\"color: #293037; font-size: 1.1em;\"><!-- icon --><\/i><\/div>\n[\/vc_column_text][\/vc_column][\/vc_row][vc_row full_width=&#8221;stretch_row&#8221; gap=&#8221;20&#8243; css=&#8221;.vc_custom_1518483997279{margin-bottom: -33px !important;padding-top: 30px !important;padding-bottom: 30px !important;background-color: #ecedee !important;}&#8221;][vc_column width=&#8221;1\/4&#8243;][vc_single_image image=&#8221;5741&#8243; img_size=&#8221;full&#8221;][\/vc_column][vc_column width=&#8221;3\/4&#8243;][vc_column_text]\n<h3 style=\"color: #293037; line-height: 1.6;\"><span style=\"font-size: 30px;\">Mari Carmen Soriano<\/span><\/h3>\n<p>Att. Cliente \u2013 Central Valencia, Transportes Mediterraneo Expres<br \/>\n<a href=\"https:\/\/mediterraneoexpres.es\/\">mediterraneoexpres.es<\/a><\/p>\n<div style=\"font-size: 17px; color: #293037; line-height: 1.7;\"><i class=\"fa fa-quote-left\" style=\"color: #293037; font-size: 1.1em;\"><!-- icon --><\/i> <em>Sono stato supportato in tutte le questioni sollevate, ottime professionalit\u00e0 nella gestione dei servizi resi e nelle risposte, senza dubbio raccomandabili nelle prestazioni professionali offerte. <\/em> <i class=\"fa fa-quote-right\" style=\"color: #293037; font-size: 1.1em;\"><!-- icon --><\/i><\/div>\n[\/vc_column_text][\/vc_column][\/vc_row][vc_row full_width=&#8221;stretch_row&#8221; gap=&#8221;20&#8243; css=&#8221;.vc_custom_1518483997279{margin-bottom: -33px !important;padding-top: 30px !important;padding-bottom: 30px !important;background-color: #ecedee !important;}&#8221;][vc_column width=&#8221;1\/4&#8243;][vc_single_image image=&#8221;5899&#8243; img_size=&#8221;full&#8221;][\/vc_column][vc_column width=&#8221;3\/4&#8243;][vc_column_text]\n<h3 style=\"color: #293037; line-height: 1.6;\"><span style=\"font-size: 30px;\">Charo Padilla<\/span><\/h3>\n<p>Administraci\u00f3n, SPECIAL CARGO logistic Trading<br \/>\n<a href=\"http:\/\/specialcargo.es\/\">specialcargo.es<\/a><\/p>\n<div style=\"font-size: 17px; color: #293037; line-height: 1.7;\"><i class=\"fa fa-quote-left\" style=\"color: #293037; font-size: 1.1em;\"><!-- icon --><\/i> <em>I servizi forniti da Pretium hanno notevolmente facilitato la gestione di tutto ci\u00f2 che riguarda la legge Macron. Apprezziamo anche le e-mail di comunicazione ricevute. Ci\u00f2 che valorizziamo particolarmente \u00e8 la qualit\u00e0 e la velocit\u00e0 con cui si sono risolte tutte le nostre richieste.<br \/>\n\u00c8 stato di grande aiuto e il prezzo corrisponde al servizio fornito.<br \/>\nLa raccomandazione dei tuoi servizi ad altre aziende \u00e8 garantita, perch\u00e9 oltre a tutto quanto sopra, devo riconoscere la gentilezza e la disponibilit\u00e0. <\/em> <i class=\"fa fa-quote-right\" style=\"color: #293037; font-size: 1.1em;\"><!-- icon --><\/i><\/div>\n[\/vc_column_text][\/vc_column][\/vc_row][vc_row full_width=&#8221;stretch_row&#8221; gap=&#8221;20&#8243; css=&#8221;.vc_custom_1518483997279{margin-bottom: -33px !important;padding-top: 30px !important;padding-bottom: 30px !important;background-color: #ecedee !important;}&#8221;][vc_column width=&#8221;1\/4&#8243;][vc_single_image image=&#8221;5959&#8243; img_size=&#8221;full&#8221;][\/vc_column][vc_column width=&#8221;3\/4&#8243;][vc_column_text]\n<h3 style=\"color: #293037; line-height: 1.6;\"><span style=\"font-size: 30px;\">Mireia Vila<\/span><\/h3>\n<p>Dipartimento Contabilit\u00e0, Accesorios de Fijaci\u00f3n<br \/>\n<a href=\"http:\/\/acfija.com\/\">acfija.com<\/a><\/p>\n<div style=\"font-size: 17px; color: #293037; line-height: 1.7;\"><i class=\"fa fa-quote-left\" style=\"color: #293037; font-size: 1.1em;\"><!-- icon --><\/i> <em>Servizio veloce che rende sereni dinanzi ad una pratica di distacco di operai in territorio francese. Hanno agito con gentilezza e ben disposti a trovare soluzioni utili per l&#8217;azienda. <\/em> <i class=\"fa fa-quote-right\" style=\"color: #293037; font-size: 1.1em;\"><!-- icon --><\/i><\/div>\n[\/vc_column_text][\/vc_column][\/vc_row][vc_row full_width=&#8221;stretch_row&#8221; content_placement=&#8221;middle&#8221; css=&#8221;.vc_custom_1548272490558{margin-bottom: -40px !important;background-color: #ecedee !important;}&#8221;][vc_column][vc_column_text]\n<h3 style=\"color: #293037; line-height: 1.6; text-align: center;\"><span style=\"font-size: 30px;\">IL NOSTRO MIGLIOR VALORE. I NOSTRI CLIENTI.<\/span><\/h3>\n[\/vc_column_text][\/vc_column][\/vc_row][vc_row full_width=&#8221;stretch_row&#8221; content_placement=&#8221;middle&#8221; css=&#8221;.vc_custom_1548272490558{margin-bottom: -40px !important;background-color: #ecedee !important;}&#8221;][vc_column width=&#8221;1\/4&#8243;][vc_gallery type=&#8221;image_grid&#8221; images=&#8221;5716&#8243; onclick=&#8221;&#8221; css=&#8221;.vc_custom_1548263923160{border-right-width: 40px !important;padding-top: 30px !important;padding-right: 40px !important;padding-bottom: 30px !important;padding-left: 40px !important;border-radius: 10px !important;}&#8221;][\/vc_column][vc_column width=&#8221;1\/4&#8243; css=&#8221;.vc_custom_1548272350413{padding-right: -35px !important;padding-left: -35px !important;}&#8221;][vc_gallery type=&#8221;image_grid&#8221; images=&#8221;6221&#8243; img_size=&#8221;150&#215;150&#8243; onclick=&#8221;&#8221; css=&#8221;.vc_custom_1571590676791{border-right-width: 40px !important;padding-top: 30px !important;padding-right: 40px !important;padding-bottom: 30px !important;padding-left: 40px !important;border-radius: 10px !important;}&#8221;][\/vc_column][vc_column width=&#8221;1\/4&#8243; css=&#8221;.vc_custom_1548272355474{padding-right: -35px !important;padding-left: -35px !important;}&#8221;][vc_gallery type=&#8221;image_grid&#8221; images=&#8221;5778&#8243; onclick=&#8221;&#8221; css=&#8221;.vc_custom_1548263938755{border-right-width: 40px !important;padding-top: 30px !important;padding-right: 40px !important;padding-bottom: 30px !important;padding-left: 40px !important;border-radius: 10px !important;}&#8221;][\/vc_column][vc_column width=&#8221;1\/4&#8243;][vc_gallery type=&#8221;image_grid&#8221; images=&#8221;5796&#8243; onclick=&#8221;&#8221; css=&#8221;.vc_custom_1548322212720{border-right-width: 40px !important;padding-top: 30px !important;padding-right: 40px !important;padding-bottom: 30px !important;padding-left: 40px !important;border-radius: 10px !important;}&#8221;][\/vc_column][\/vc_row][vc_row full_width=&#8221;stretch_row&#8221; content_placement=&#8221;middle&#8221; css=&#8221;.vc_custom_1548272490558{margin-bottom: -40px !important;background-color: #ecedee !important;}&#8221;][vc_column width=&#8221;1\/4&#8243;][vc_gallery type=&#8221;image_grid&#8221; images=&#8221;5788&#8243; onclick=&#8221;&#8221; css=&#8221;.vc_custom_1548321021879{border-right-width: 40px !important;padding-top: 30px !important;padding-right: 40px !important;padding-bottom: 30px !important;padding-left: 40px !important;border-radius: 10px !important;}&#8221;][\/vc_column][vc_column width=&#8221;1\/4&#8243; css=&#8221;.vc_custom_1548272350413{padding-right: -35px !important;padding-left: -35px !important;}&#8221;][vc_gallery type=&#8221;image_grid&#8221; images=&#8221;5790&#8243; onclick=&#8221;&#8221; css=&#8221;.vc_custom_1548321035836{border-right-width: 40px !important;padding-top: 30px !important;padding-right: 40px !important;padding-bottom: 30px !important;padding-left: 40px !important;border-radius: 10px !important;}&#8221;][\/vc_column][vc_column width=&#8221;1\/4&#8243; css=&#8221;.vc_custom_1548272355474{padding-right: -35px !important;padding-left: -35px !important;}&#8221;][vc_gallery type=&#8221;image_grid&#8221; images=&#8221;5789&#8243; onclick=&#8221;&#8221; css=&#8221;.vc_custom_1548321045332{border-right-width: 40px !important;padding-top: 30px !important;padding-right: 40px !important;padding-bottom: 30px !important;padding-left: 40px !important;border-radius: 10px !important;}&#8221;][\/vc_column][vc_column width=&#8221;1\/4&#8243;][vc_gallery type=&#8221;image_grid&#8221; images=&#8221;5798&#8243; onclick=&#8221;&#8221; css=&#8221;.vc_custom_1548326201113{border-right-width: 40px !important;padding-top: 30px !important;padding-right: 40px !important;padding-bottom: 30px !important;padding-left: 40px !important;border-radius: 10px !important;}&#8221;][\/vc_column][\/vc_row][vc_row full_width=&#8221;stretch_row&#8221; css=&#8221;.vc_custom_1518556029442{margin-bottom: -40px !important;}&#8221;][vc_column]\t\t\t<style type=\"text\/css\">\n\t\t\t\t#content-block-background-1465 { background-image: url(); background-position: center center; background-repeat: repeat-x; background-color: #121a22; background-attachment: fixed; background-size: auto; }\n\t\t\t\t#content-block-body-1465 { padding: 100px 0; color: #ffffff; }\n\t\t\t\t.content-block-body { margin-left: auto; margin-right: auto; position: relative; }\n\t\t\t<\/style>\n\t\t\t\t\t\t\t<style type=\"text\/css\">\n\t\t\t\t\t#wrapper-1 { overflow-x: hidden; }\n\t\t\t\t\t#content-block-background-1465 { margin: 0 -10000px; padding: 0 10000px; }\n\t\t\t\t<\/style>\n\t\t\t\n\t\t\t\n\t\t\t<div class=\"clear\"><\/div>\n\t\t\t<div id=\"content-block-background-1465\" class=\"content-block-background \">\n\t\t\t\t<div id=\"content-block-body-1465\" class=\"content-block-body\">\n\t\t\t\t\t<div class=\"clear\"><\/div>\n\t\t\t\t\t\n<div style=\"text-align: center;\">\n<h4 style=\"margin-bottom: 25px;\"><span style=\"font-size: 32px; color: #fff;\">RICHIEDI ASSISTENZA TELEFONICA<\/span><\/h4>\n<h5 style=\"margin-bottom: 20px; color: #fff; font-size: 16px;\">Lascia i tuoi dati e un consulente si metter\u00e0 in contatto per risolvere quanlsiasi dubbio.<\/h5>\n<\/div>\n<div class=\"align-btn-center\"><a class=\"flat-custom-button\" href=\"https:\/\/desplazamientos-francia.com\/it\/contacto\/\" title=\"REPRESENTAMOS A TU EMPRESA\"><span style=\"padding:10px 20px; background-color:#1AAABA; border:1px solid #1AAABA; color:#FFFFFF; font-size:13px;\">TI CONTATTIAMO <\/span><\/a><\/div>\t\t\t\t\t<div class=\"clear\"><\/div>\n\t\t\t\t<\/div>\n\t\t\t<\/div>\n\t\t\t<div class=\"clear\"><\/div>\n\t\t\t[\/vc_column][\/vc_row]\n","protected":false},"excerpt":{"rendered":"<p>[vc_row][vc_column][vc_column_text] Cosa pensano coloro che hanno lavorato con noi [\/vc_column_text][\/vc_column][\/vc_row][vc_row full_width=&#8221;stretch_row&#8221; gap=&#8221;20&#8243; css=&#8221;.vc_custom_1518483997279{margin-bottom: -33px !important;padding-top: 30px !important;padding-bottom: 30px !important;background-color: #ecedee !important;}&#8221;][vc_column width=&#8221;1\/4&#8243;][vc_single_image image=&#8221;5697&#8243; img_size=&#8221;full&#8221;][\/vc_column][vc_column width=&#8221;3\/4&#8243;][vc_column_text] Pilar Mart\u00edn Dipartamento Finanziario, AMG Servicios de Marketing Promocional amgservicios.com In un primo momento ho contattato la societ\u00e0 per una questione insorta<\/p>\n","protected":false},"author":2,"featured_media":0,"parent":0,"menu_order":0,"comment_status":"closed","ping_status":"closed","template":"page-FullWidth.php","meta":{"footnotes":""},"yoast_head":"<!-- This site is optimized with the Yoast SEO plugin v22.5 - https:\/\/yoast.com\/wordpress\/plugins\/seo\/ -->\n<title>Referenze di clienti - Distacco temporaneo di lavoratori in Francia<\/title>\n<meta name=\"description\" content=\"Indichiamo di seguito alcuni dei clienti di Pretium Gesti\u00f3n in materia di Distacco internazionale di lavoratori. Mostriamo qui alcune referenze. Unisciti!\" \/>\n<meta name=\"robots\" content=\"index, follow, max-snippet:-1, max-image-preview:large, max-video-preview:-1\" \/>\n<link rel=\"canonical\" href=\"https:\/\/desplazamientos-francia.com\/it\/referenze-di-clienti\/\" \/>\n<meta property=\"og:locale\" content=\"it_IT\" \/>\n<meta property=\"og:type\" content=\"article\" \/>\n<meta property=\"og:title\" content=\"Referenze di clienti - Distacco temporaneo di lavoratori in Francia\" \/>\n<meta property=\"og:description\" content=\"Indichiamo di seguito alcuni dei clienti di Pretium Gesti\u00f3n in materia di Distacco internazionale di lavoratori. Mostriamo qui alcune referenze. Unisciti!\" \/>\n<meta property=\"og:url\" content=\"https:\/\/desplazamientos-francia.com\/it\/referenze-di-clienti\/\" \/>\n<meta property=\"og:site_name\" content=\"Distacco temporaneo di lavoratori in Francia\" \/>\n<meta property=\"article:publisher\" content=\"https:\/\/www.facebook.com\/pretiumgestion\" \/>\n<meta property=\"article:modified_time\" content=\"2020-03-23T15:04:59+00:00\" \/>\n<meta property=\"og:image\" content=\"https:\/\/i0.wp.com\/desplazamientos-francia.com\/it\/wp-content\/uploads\/2019\/01\/pretium-gestion-logo-150px.png?fit=150%2C55&ssl=1\" \/>\n\t<meta property=\"og:image:width\" content=\"150\" \/>\n\t<meta property=\"og:image:height\" content=\"55\" \/>\n\t<meta property=\"og:image:type\" content=\"image\/png\" \/>\n<meta name=\"twitter:card\" content=\"summary_large_image\" \/>\n<meta name=\"twitter:site\" content=\"@PretiumGestion\" \/>\n<meta name=\"twitter:label1\" content=\"Tempo di lettura stimato\" \/>\n\t<meta name=\"twitter:data1\" content=\"5 minuti\" \/>\n<script type=\"application\/ld+json\" class=\"yoast-schema-graph\">{\"@context\":\"https:\/\/schema.org\",\"@graph\":[{\"@type\":\"WebPage\",\"@id\":\"https:\/\/desplazamientos-francia.com\/it\/referenze-di-clienti\/\",\"url\":\"https:\/\/desplazamientos-francia.com\/it\/referenze-di-clienti\/\",\"name\":\"Referenze di clienti - Distacco temporaneo di lavoratori in Francia\",\"isPartOf\":{\"@id\":\"https:\/\/desplazamientos-francia.com\/it\/#website\"},\"datePublished\":\"2018-12-01T16:35:55+00:00\",\"dateModified\":\"2020-03-23T15:04:59+00:00\",\"description\":\"Indichiamo di seguito alcuni dei clienti di Pretium Gesti\u00f3n in materia di Distacco internazionale di lavoratori. Mostriamo qui alcune referenze. Unisciti!\",\"breadcrumb\":{\"@id\":\"https:\/\/desplazamientos-francia.com\/it\/referenze-di-clienti\/#breadcrumb\"},\"inLanguage\":\"it-IT\",\"potentialAction\":[{\"@type\":\"ReadAction\",\"target\":[\"https:\/\/desplazamientos-francia.com\/it\/referenze-di-clienti\/\"]}]},{\"@type\":\"BreadcrumbList\",\"@id\":\"https:\/\/desplazamientos-francia.com\/it\/referenze-di-clienti\/#breadcrumb\",\"itemListElement\":[{\"@type\":\"ListItem\",\"position\":1,\"name\":\"Portada\",\"item\":\"https:\/\/desplazamientos-francia.com\/it\/\"},{\"@type\":\"ListItem\",\"position\":2,\"name\":\"Referenze di clienti\"}]},{\"@type\":\"WebSite\",\"@id\":\"https:\/\/desplazamientos-francia.com\/it\/#website\",\"url\":\"https:\/\/desplazamientos-francia.com\/it\/\",\"name\":\"Desplazamiento temporal de trabajadores a Francia\",\"description\":\"\",\"publisher\":{\"@id\":\"https:\/\/desplazamientos-francia.com\/it\/#organization\"},\"potentialAction\":[{\"@type\":\"SearchAction\",\"target\":{\"@type\":\"EntryPoint\",\"urlTemplate\":\"https:\/\/desplazamientos-francia.com\/it\/?s={search_term_string}\"},\"query-input\":\"required name=search_term_string\"}],\"inLanguage\":\"it-IT\"},{\"@type\":\"Organization\",\"@id\":\"https:\/\/desplazamientos-francia.com\/it\/#organization\",\"name\":\"Pretium Gesti\u00f3n\",\"url\":\"https:\/\/desplazamientos-francia.com\/it\/\",\"logo\":{\"@type\":\"ImageObject\",\"inLanguage\":\"it-IT\",\"@id\":\"https:\/\/desplazamientos-francia.com\/it\/#\/schema\/logo\/image\/\",\"url\":\"https:\/\/i1.wp.com\/desplazamientos-francia.com\/it\/wp-content\/uploads\/2019\/01\/pretium-gestion-logo-200px.png?fit=200%2C73&ssl=1\",\"contentUrl\":\"https:\/\/i1.wp.com\/desplazamientos-francia.com\/it\/wp-content\/uploads\/2019\/01\/pretium-gestion-logo-200px.png?fit=200%2C73&ssl=1\",\"width\":200,\"height\":73,\"caption\":\"Pretium Gesti\u00f3n\"},\"image\":{\"@id\":\"https:\/\/desplazamientos-francia.com\/it\/#\/schema\/logo\/image\/\"},\"sameAs\":[\"https:\/\/www.facebook.com\/pretiumgestion\",\"https:\/\/x.com\/PretiumGestion\",\"https:\/\/www.instagram.com\/pretiumgestion\/\",\"https:\/\/www.linkedin.com\/company\/pretium-gestion\"]}]}<\/script>\n<!-- \/ Yoast SEO plugin. -->","yoast_head_json":{"title":"Referenze di clienti - Distacco temporaneo di lavoratori in Francia","description":"Indichiamo di seguito alcuni dei clienti di Pretium Gesti\u00f3n in materia di Distacco internazionale di lavoratori. Mostriamo qui alcune referenze. Unisciti!","robots":{"index":"index","follow":"follow","max-snippet":"max-snippet:-1","max-image-preview":"max-image-preview:large","max-video-preview":"max-video-preview:-1"},"canonical":"https:\/\/desplazamientos-francia.com\/it\/referenze-di-clienti\/","og_locale":"it_IT","og_type":"article","og_title":"Referenze di clienti - Distacco temporaneo di lavoratori in Francia","og_description":"Indichiamo di seguito alcuni dei clienti di Pretium Gesti\u00f3n in materia di Distacco internazionale di lavoratori. Mostriamo qui alcune referenze. Unisciti!","og_url":"https:\/\/desplazamientos-francia.com\/it\/referenze-di-clienti\/","og_site_name":"Distacco temporaneo di lavoratori in Francia","article_publisher":"https:\/\/www.facebook.com\/pretiumgestion","article_modified_time":"2020-03-23T15:04:59+00:00","og_image":[{"width":150,"height":55,"url":"https:\/\/i0.wp.com\/desplazamientos-francia.com\/it\/wp-content\/uploads\/2019\/01\/pretium-gestion-logo-150px.png?fit=150%2C55&ssl=1","type":"image\/png"}],"twitter_card":"summary_large_image","twitter_site":"@PretiumGestion","twitter_misc":{"Tempo di lettura stimato":"5 minuti"},"schema":{"@context":"https:\/\/schema.org","@graph":[{"@type":"WebPage","@id":"https:\/\/desplazamientos-francia.com\/it\/referenze-di-clienti\/","url":"https:\/\/desplazamientos-francia.com\/it\/referenze-di-clienti\/","name":"Referenze di clienti - Distacco temporaneo di lavoratori in Francia","isPartOf":{"@id":"https:\/\/desplazamientos-francia.com\/it\/#website"},"datePublished":"2018-12-01T16:35:55+00:00","dateModified":"2020-03-23T15:04:59+00:00","description":"Indichiamo di seguito alcuni dei clienti di Pretium Gesti\u00f3n in materia di Distacco internazionale di lavoratori. Mostriamo qui alcune referenze. Unisciti!","breadcrumb":{"@id":"https:\/\/desplazamientos-francia.com\/it\/referenze-di-clienti\/#breadcrumb"},"inLanguage":"it-IT","potentialAction":[{"@type":"ReadAction","target":["https:\/\/desplazamientos-francia.com\/it\/referenze-di-clienti\/"]}]},{"@type":"BreadcrumbList","@id":"https:\/\/desplazamientos-francia.com\/it\/referenze-di-clienti\/#breadcrumb","itemListElement":[{"@type":"ListItem","position":1,"name":"Portada","item":"https:\/\/desplazamientos-francia.com\/it\/"},{"@type":"ListItem","position":2,"name":"Referenze di clienti"}]},{"@type":"WebSite","@id":"https:\/\/desplazamientos-francia.com\/it\/#website","url":"https:\/\/desplazamientos-francia.com\/it\/","name":"Desplazamiento temporal de trabajadores a Francia","description":"","publisher":{"@id":"https:\/\/desplazamientos-francia.com\/it\/#organization"},"potentialAction":[{"@type":"SearchAction","target":{"@type":"EntryPoint","urlTemplate":"https:\/\/desplazamientos-francia.com\/it\/?s={search_term_string}"},"query-input":"required name=search_term_string"}],"inLanguage":"it-IT"},{"@type":"Organization","@id":"https:\/\/desplazamientos-francia.com\/it\/#organization","name":"Pretium Gesti\u00f3n","url":"https:\/\/desplazamientos-francia.com\/it\/","logo":{"@type":"ImageObject","inLanguage":"it-IT","@id":"https:\/\/desplazamientos-francia.com\/it\/#\/schema\/logo\/image\/","url":"https:\/\/i1.wp.com\/desplazamientos-francia.com\/it\/wp-content\/uploads\/2019\/01\/pretium-gestion-logo-200px.png?fit=200%2C73&ssl=1","contentUrl":"https:\/\/i1.wp.com\/desplazamientos-francia.com\/it\/wp-content\/uploads\/2019\/01\/pretium-gestion-logo-200px.png?fit=200%2C73&ssl=1","width":200,"height":73,"caption":"Pretium Gesti\u00f3n"},"image":{"@id":"https:\/\/desplazamientos-francia.com\/it\/#\/schema\/logo\/image\/"},"sameAs":["https:\/\/www.facebook.com\/pretiumgestion","https:\/\/x.com\/PretiumGestion","https:\/\/www.instagram.com\/pretiumgestion\/","https:\/\/www.linkedin.com\/company\/pretium-gestion"]}]}},"jetpack_sharing_enabled":false,"jetpack_shortlink":"https:\/\/wp.me\/PbNi1e-1nJ","jetpack_likes_enabled":false,"jetpack-related-posts":[],"_links":{"self":[{"href":"https:\/\/desplazamientos-francia.com\/it\/wp-json\/wp\/v2\/pages\/5315"}],"collection":[{"href":"https:\/\/desplazamientos-francia.com\/it\/wp-json\/wp\/v2\/pages"}],"about":[{"href":"https:\/\/desplazamientos-francia.com\/it\/wp-json\/wp\/v2\/types\/page"}],"author":[{"embeddable":true,"href":"https:\/\/desplazamientos-francia.com\/it\/wp-json\/wp\/v2\/users\/2"}],"replies":[{"embeddable":true,"href":"https:\/\/desplazamientos-francia.com\/it\/wp-json\/wp\/v2\/comments?post=5315"}],"version-history":[{"count":80,"href":"https:\/\/desplazamientos-francia.com\/it\/wp-json\/wp\/v2\/pages\/5315\/revisions"}],"predecessor-version":[{"id":6350,"href":"https:\/\/desplazamientos-francia.com\/it\/wp-json\/wp\/v2\/pages\/5315\/revisions\/6350"}],"wp:attachment":[{"href":"https:\/\/desplazamientos-francia.com\/it\/wp-json\/wp\/v2\/media?parent=5315"}],"curies":[{"name":"wp","href":"https:\/\/api.w.org\/{rel}","templated":true}]}}